{"version":"1.0","type":"rich","provider_name":"Le V\u00e9nissian","provider_url":"https:\/\/levenissian.fr","title":"Les V\u00e9nissians d\u00e9signent leurs d\u00e9l\u00e9gu\u00e9s de quartier","author_name":"pamillet","width":"480","height":"295","url":"http:\/\/levenissian.fr\/Les-Venissians-designent-leurs-delegues-de-quartier","html":"\u003Ch4 class='title'\u003E\u003Ca href='http:\/\/levenissian.fr\/Les-Venissians-designent-leurs-delegues-de-quartier'\u003ELes V\u00e9nissians d\u00e9signent leurs d\u00e9l\u00e9gu\u00e9s de quartier\u003C\/a\u003E\u003C\/h4\u003E\u003Cblockquote class='spip'\u003E\n\u003Cp\u003E158 v\u00e9nissians se pr\u00e9sentent pour \u00eatre d\u00e9l\u00e9gu\u00e9 de quartier. Ce sont les V\u00e9nissians qui leur apporteront leur soutien en votant aux \u00e9lections de d\u00e9l\u00e9gu\u00e9s de quartier, jusqu\u2019au 29 mai\u2026 \n\nC\u2019est une particularit\u00e9 v\u00e9nissiane, dans un contexte d\u2019abstention massive, d\u2019appeler les V\u00e9nissians \u00e0 contribuer \u00e0 la participation citoyenne, \u00e0 organiser une consultation de tous les habitants, de nationalit\u00e9 fran\u00e7aise ou non, inscrit ou pas sur les listes \u00e9lectorales, et particularit\u00e9 cette ann\u00e9e, d\u00e8s&nbsp;(\u2026)\u003C\/p\u003E\n\u003C\/blockquote\u003E\n"}