{"version":"1.0","type":"rich","provider_name":"Le V\u00e9nissian","provider_url":"https:\/\/levenissian.fr","title":"Organiser la col\u00e8re pour faire grandir le rapport de forces","author_name":"pamillet","width":"480","height":"295","url":"http:\/\/levenissian.fr\/Organiser-la-colere-pour-faire-grandir-le-rapport-de-forces","html":"\u003Ch4 class='title'\u003E\u003Ca href='http:\/\/levenissian.fr\/Organiser-la-colere-pour-faire-grandir-le-rapport-de-forces'\u003EOrganiser la col\u00e8re pour faire grandir le rapport de forces\u003C\/a\u003E\u003C\/h4\u003E\u003Cblockquote class='spip'\u003E\n\u003Cp\u003ELa rencontre militante organis\u00e9e par les communistes de V\u00e9nissieux a permis de partager des questions cl\u00e9s du mouvement social pour aider \u00e0 r\u00e9pondre \u00e0 une question d\u00e9cisive: comment \u00eatre plus fort? \n\nCar les millions de manifestants contre la r\u00e9forme des retraites, tout comme les dizaines de millions qui s\u2019expriment contre dans les sondages, tous constatent que le gouvernement n\u2019a pas c\u00e9d\u00e9, malgr\u00e9 plus de 3 millions de manifestants. Les violences des casseurs et leur exploitation m\u00e9diatique&nbsp;(\u2026)\u003C\/p\u003E\n\u003C\/blockquote\u003E\n"}